{"id":8186,"date":"2024-04-19T14:42:00","date_gmt":"2024-04-19T12:42:00","guid":{"rendered":"https:\/\/christianehanstein.com\/home-details\/exclusive-panorama-building-plot\/"},"modified":"2026-03-24T10:30:36","modified_gmt":"2026-03-24T09:30:36","slug":"exclusive-panorama-building-plot","status":"publish","type":"home-details","link":"https:\/\/christianehanstein.com\/en\/home-details\/exclusive-panorama-building-plot\/","title":{"rendered":"Panoramic building plot Crans La Dell\u00e8ge Lens"},"content":{"rendered":"<p>Reserviert: Baugrundst\u00fcck mit Panoramablick<br \/>\nDieses Grundst\u00fcck verf\u00fcgt \u00fcber einen Panoramablick auf das Rhonetal und ist nach S\u00fcdwesten ausgerichtet. Es befindet sich in einer ruhigen Gegend und in der N\u00e4he der Bisse des Miriouges. Der Ort ist ideal zum Wohnen und um ein oder zwei Chalets als Hauptwohnsitz zu realisieren.<\/p>\n<p>Objekt: Baugrundst\u00fcck mit Panoramablick &#8211; eines der letzten Grundst\u00fccke im Bereich La Del\u00e8ge.<br \/>\nAusrichtung: S\u00fcdwest; Hangneigung: 24%; H\u00f6he: ca. 1340 m<br \/>\nAdresse: 3963 Crans VS, route de la Dell\u00e8ge<br \/>\nParzelle: No. 1585, ca. 1809 m2, Gemeinde Lens (VS), fol. 17.<br \/>\nBebaubarkeit: Zone 3; Dichte: 0.5 | ibus: 0.67.<\/p>\n<p>Zugang: Die Zufahrtsstrasse verl\u00e4uft hinter dem Grundst\u00fcck und dient nur den berechtigten Anwohnern (Privatstrasse).<br \/>\nErschliessung:<br \/>\n&#8211; Zufahrt: \u00dcber die Route de la D\u00e9l\u00e8ge und das Nachbargrundst\u00fcck (mit eingetragenen Dienstbarkeiten).<br \/>\n&#8211; Abwasser: Schacht installiert; Leitungen auch darunter.<br \/>\n&#8211; Strom &amp; Multimedia: Anschl\u00fcsse installiert (Rohre)<br \/>\n&#8211; Wasseranschluss: in unmittelbarer N\u00e4he<br \/>\n\u00d6ffentliche Verkehrsmittel: Postbus-Haltestelle Sion &#8211; Crans VS in 150 m Entfernung<\/p>\n<p>Besonderheiten:<br \/>\n&#8211; Verkauf an Nicht-Schweizer: m\u00f6glich<br \/>\n&#8211; Bau als Erstwohnsitz (r\u00e9sidence principale) verpflichtend<br \/>\n&#8211; Dienstbarkeit bzgl. Bauh\u00f6he zu respektieren &#8211; stellt kein Problem dar, da die Neigung des Hanges dies ausgleicht.<\/p>\n<p>&#8211; Es handelt sich um ein Exklusivmandat. Fotos: Alle Rechte bei CH. HANSTEIN Immobilier.<\/p>\n<p>&nbsp;<\/p>\n","protected":false},"featured_media":9351,"template":"","listing-status":[168],"class_list":["post-8186","home-details","type-home-details","status-publish","has-post-thumbnail","hentry","listing-status-verkauf-en"],"acf":[],"yoast_head":"<!-- This site is optimized with the Yoast SEO plugin v27.4 - https:\/\/yoast.com\/product\/yoast-seo-wordpress\/ -->\n<title>Panoramic building plot Crans La Dell\u00e8ge Lens | Firma | CH. HANSTEIN Immobilier<\/title>\n<meta name=\"robots\" content=\"index, follow, max-snippet:-1, max-image-preview:large, max-video-preview:-1\" \/>\n<link rel=\"canonical\" href=\"https:\/\/christianehanstein.com\/en\/home-details\/exclusive-panorama-building-plot\/\" \/>\n<meta property=\"og:locale\" content=\"en_US\" \/>\n<meta property=\"og:type\" content=\"article\" \/>\n<meta property=\"og:title\" content=\"Panoramic building plot Crans La Dell\u00e8ge Lens | Firma | CH. HANSTEIN Immobilier\" \/>\n<meta property=\"og:description\" content=\"Reserviert: Baugrundst\u00fcck mit Panoramablick Dieses Grundst\u00fcck verf\u00fcgt \u00fcber einen Panoramablick auf das Rhonetal und ist nach S\u00fcdwesten ausgerichtet. Es befindet sich in einer ruhigen Gegend und in der N\u00e4he der Bisse des Miriouges. Der Ort ist ideal zum Wohnen und [...]\" \/>\n<meta property=\"og:url\" content=\"https:\/\/christianehanstein.com\/en\/home-details\/exclusive-panorama-building-plot\/\" \/>\n<meta property=\"og:site_name\" content=\"Firma | CH. HANSTEIN Immobilier\" \/>\n<meta property=\"article:modified_time\" content=\"2026-03-24T09:30:36+00:00\" \/>\n<meta property=\"og:image\" content=\"https:\/\/christianehanstein.com\/wp-content\/uploads\/2026\/01\/IMG_5052-scaled.jpg\" \/>\n\t<meta property=\"og:image:width\" content=\"1440\" \/>\n\t<meta property=\"og:image:height\" content=\"1080\" \/>\n\t<meta property=\"og:image:type\" content=\"image\/jpeg\" \/>\n<meta name=\"twitter:card\" content=\"summary_large_image\" \/>\n<meta name=\"twitter:label1\" content=\"Est. reading time\" \/>\n\t<meta name=\"twitter:data1\" content=\"1 minute\" \/>\n<script type=\"application\/ld+json\" class=\"yoast-schema-graph\">{\"@context\":\"https:\\\/\\\/schema.org\",\"@graph\":[{\"@type\":\"WebPage\",\"@id\":\"https:\\\/\\\/christianehanstein.com\\\/en\\\/home-details\\\/exclusive-panorama-building-plot\\\/\",\"url\":\"https:\\\/\\\/christianehanstein.com\\\/en\\\/home-details\\\/exclusive-panorama-building-plot\\\/\",\"name\":\"Panoramic building plot Crans La Dell\u00e8ge Lens | Firma | CH. HANSTEIN Immobilier\",\"isPartOf\":{\"@id\":\"https:\\\/\\\/christianehanstein.com\\\/en\\\/#website\"},\"primaryImageOfPage\":{\"@id\":\"https:\\\/\\\/christianehanstein.com\\\/en\\\/home-details\\\/exclusive-panorama-building-plot\\\/#primaryimage\"},\"image\":{\"@id\":\"https:\\\/\\\/christianehanstein.com\\\/en\\\/home-details\\\/exclusive-panorama-building-plot\\\/#primaryimage\"},\"thumbnailUrl\":\"https:\\\/\\\/christianehanstein.com\\\/wp-content\\\/uploads\\\/2026\\\/04\\\/IMG_5628.jpg\",\"datePublished\":\"2024-04-19T12:42:00+00:00\",\"dateModified\":\"2026-03-24T09:30:36+00:00\",\"breadcrumb\":{\"@id\":\"https:\\\/\\\/christianehanstein.com\\\/en\\\/home-details\\\/exclusive-panorama-building-plot\\\/#breadcrumb\"},\"inLanguage\":\"en-US\",\"potentialAction\":[{\"@type\":\"ReadAction\",\"target\":[\"https:\\\/\\\/christianehanstein.com\\\/en\\\/home-details\\\/exclusive-panorama-building-plot\\\/\"]}]},{\"@type\":\"ImageObject\",\"inLanguage\":\"en-US\",\"@id\":\"https:\\\/\\\/christianehanstein.com\\\/en\\\/home-details\\\/exclusive-panorama-building-plot\\\/#primaryimage\",\"url\":\"https:\\\/\\\/christianehanstein.com\\\/wp-content\\\/uploads\\\/2026\\\/04\\\/IMG_5628.jpg\",\"contentUrl\":\"https:\\\/\\\/christianehanstein.com\\\/wp-content\\\/uploads\\\/2026\\\/04\\\/IMG_5628.jpg\",\"width\":1280,\"height\":960},{\"@type\":\"BreadcrumbList\",\"@id\":\"https:\\\/\\\/christianehanstein.com\\\/en\\\/home-details\\\/exclusive-panorama-building-plot\\\/#breadcrumb\",\"itemListElement\":[{\"@type\":\"ListItem\",\"position\":1,\"name\":\"Home\",\"item\":\"https:\\\/\\\/christianehanstein.com\\\/en\\\/\"},{\"@type\":\"ListItem\",\"position\":2,\"name\":\"Properties for sale\",\"item\":\"https:\\\/\\\/christianehanstein.com\\\/en\\\/homes\\\/\"},{\"@type\":\"ListItem\",\"position\":3,\"name\":\"Panoramic building plot Crans La Dell\u00e8ge Lens\"}]},{\"@type\":\"WebSite\",\"@id\":\"https:\\\/\\\/christianehanstein.com\\\/en\\\/#website\",\"url\":\"https:\\\/\\\/christianehanstein.com\\\/en\\\/\",\"name\":\"CH. Hanstein Immobilier\",\"description\":\"\",\"publisher\":{\"@id\":\"https:\\\/\\\/christianehanstein.com\\\/en\\\/#organization\"},\"potentialAction\":[{\"@type\":\"SearchAction\",\"target\":{\"@type\":\"EntryPoint\",\"urlTemplate\":\"https:\\\/\\\/christianehanstein.com\\\/en\\\/?s={search_term_string}\"},\"query-input\":{\"@type\":\"PropertyValueSpecification\",\"valueRequired\":true,\"valueName\":\"search_term_string\"}}],\"inLanguage\":\"en-US\"},{\"@type\":\"Organization\",\"@id\":\"https:\\\/\\\/christianehanstein.com\\\/en\\\/#organization\",\"name\":\"CH. Hanstein Immobilier\",\"url\":\"https:\\\/\\\/christianehanstein.com\\\/en\\\/\",\"logo\":{\"@type\":\"ImageObject\",\"inLanguage\":\"en-US\",\"@id\":\"https:\\\/\\\/christianehanstein.com\\\/en\\\/#\\\/schema\\\/logo\\\/image\\\/\",\"url\":\"https:\\\/\\\/christianehanstein.com\\\/wp-content\\\/uploads\\\/2024\\\/04\\\/hanstein_logo_rgb.png\",\"contentUrl\":\"https:\\\/\\\/christianehanstein.com\\\/wp-content\\\/uploads\\\/2024\\\/04\\\/hanstein_logo_rgb.png\",\"width\":833,\"height\":625,\"caption\":\"CH. Hanstein Immobilier\"},\"image\":{\"@id\":\"https:\\\/\\\/christianehanstein.com\\\/en\\\/#\\\/schema\\\/logo\\\/image\\\/\"}}]}<\/script>\n<!-- \/ Yoast SEO plugin. -->","yoast_head_json":{"title":"Panoramic building plot Crans La Dell\u00e8ge Lens | Firma | CH. HANSTEIN Immobilier","robots":{"index":"index","follow":"follow","max-snippet":"max-snippet:-1","max-image-preview":"max-image-preview:large","max-video-preview":"max-video-preview:-1"},"canonical":"https:\/\/christianehanstein.com\/en\/home-details\/exclusive-panorama-building-plot\/","og_locale":"en_US","og_type":"article","og_title":"Panoramic building plot Crans La Dell\u00e8ge Lens | Firma | CH. HANSTEIN Immobilier","og_description":"Reserviert: Baugrundst\u00fcck mit Panoramablick Dieses Grundst\u00fcck verf\u00fcgt \u00fcber einen Panoramablick auf das Rhonetal und ist nach S\u00fcdwesten ausgerichtet. Es befindet sich in einer ruhigen Gegend und in der N\u00e4he der Bisse des Miriouges. Der Ort ist ideal zum Wohnen und [...]","og_url":"https:\/\/christianehanstein.com\/en\/home-details\/exclusive-panorama-building-plot\/","og_site_name":"Firma | CH. HANSTEIN Immobilier","article_modified_time":"2026-03-24T09:30:36+00:00","og_image":[{"width":1440,"height":1080,"url":"https:\/\/christianehanstein.com\/wp-content\/uploads\/2026\/01\/IMG_5052-scaled.jpg","type":"image\/jpeg"}],"twitter_card":"summary_large_image","twitter_misc":{"Est. reading time":"1 minute"},"schema":{"@context":"https:\/\/schema.org","@graph":[{"@type":"WebPage","@id":"https:\/\/christianehanstein.com\/en\/home-details\/exclusive-panorama-building-plot\/","url":"https:\/\/christianehanstein.com\/en\/home-details\/exclusive-panorama-building-plot\/","name":"Panoramic building plot Crans La Dell\u00e8ge Lens | Firma | CH. HANSTEIN Immobilier","isPartOf":{"@id":"https:\/\/christianehanstein.com\/en\/#website"},"primaryImageOfPage":{"@id":"https:\/\/christianehanstein.com\/en\/home-details\/exclusive-panorama-building-plot\/#primaryimage"},"image":{"@id":"https:\/\/christianehanstein.com\/en\/home-details\/exclusive-panorama-building-plot\/#primaryimage"},"thumbnailUrl":"https:\/\/christianehanstein.com\/wp-content\/uploads\/2026\/04\/IMG_5628.jpg","datePublished":"2024-04-19T12:42:00+00:00","dateModified":"2026-03-24T09:30:36+00:00","breadcrumb":{"@id":"https:\/\/christianehanstein.com\/en\/home-details\/exclusive-panorama-building-plot\/#breadcrumb"},"inLanguage":"en-US","potentialAction":[{"@type":"ReadAction","target":["https:\/\/christianehanstein.com\/en\/home-details\/exclusive-panorama-building-plot\/"]}]},{"@type":"ImageObject","inLanguage":"en-US","@id":"https:\/\/christianehanstein.com\/en\/home-details\/exclusive-panorama-building-plot\/#primaryimage","url":"https:\/\/christianehanstein.com\/wp-content\/uploads\/2026\/04\/IMG_5628.jpg","contentUrl":"https:\/\/christianehanstein.com\/wp-content\/uploads\/2026\/04\/IMG_5628.jpg","width":1280,"height":960},{"@type":"BreadcrumbList","@id":"https:\/\/christianehanstein.com\/en\/home-details\/exclusive-panorama-building-plot\/#breadcrumb","itemListElement":[{"@type":"ListItem","position":1,"name":"Home","item":"https:\/\/christianehanstein.com\/en\/"},{"@type":"ListItem","position":2,"name":"Properties for sale","item":"https:\/\/christianehanstein.com\/en\/homes\/"},{"@type":"ListItem","position":3,"name":"Panoramic building plot Crans La Dell\u00e8ge Lens"}]},{"@type":"WebSite","@id":"https:\/\/christianehanstein.com\/en\/#website","url":"https:\/\/christianehanstein.com\/en\/","name":"CH. Hanstein Immobilier","description":"","publisher":{"@id":"https:\/\/christianehanstein.com\/en\/#organization"},"potentialAction":[{"@type":"SearchAction","target":{"@type":"EntryPoint","urlTemplate":"https:\/\/christianehanstein.com\/en\/?s={search_term_string}"},"query-input":{"@type":"PropertyValueSpecification","valueRequired":true,"valueName":"search_term_string"}}],"inLanguage":"en-US"},{"@type":"Organization","@id":"https:\/\/christianehanstein.com\/en\/#organization","name":"CH. Hanstein Immobilier","url":"https:\/\/christianehanstein.com\/en\/","logo":{"@type":"ImageObject","inLanguage":"en-US","@id":"https:\/\/christianehanstein.com\/en\/#\/schema\/logo\/image\/","url":"https:\/\/christianehanstein.com\/wp-content\/uploads\/2024\/04\/hanstein_logo_rgb.png","contentUrl":"https:\/\/christianehanstein.com\/wp-content\/uploads\/2024\/04\/hanstein_logo_rgb.png","width":833,"height":625,"caption":"CH. Hanstein Immobilier"},"image":{"@id":"https:\/\/christianehanstein.com\/en\/#\/schema\/logo\/image\/"}}]}},"_links":{"self":[{"href":"https:\/\/christianehanstein.com\/en\/wp-json\/wp\/v2\/home-details\/8186","targetHints":{"allow":["GET"]}}],"collection":[{"href":"https:\/\/christianehanstein.com\/en\/wp-json\/wp\/v2\/home-details"}],"about":[{"href":"https:\/\/christianehanstein.com\/en\/wp-json\/wp\/v2\/types\/home-details"}],"wp:featuredmedia":[{"embeddable":true,"href":"https:\/\/christianehanstein.com\/en\/wp-json\/wp\/v2\/media\/9351"}],"wp:attachment":[{"href":"https:\/\/christianehanstein.com\/en\/wp-json\/wp\/v2\/media?parent=8186"}],"wp:term":[{"taxonomy":"listing-status","embeddable":true,"href":"https:\/\/christianehanstein.com\/en\/wp-json\/wp\/v2\/listing-status?post=8186"}],"curies":[{"name":"wp","href":"https:\/\/api.w.org\/{rel}","templated":true}]}}